{"version":"1.0","provider_name":"Marcelo Rebelo de Sousa","provider_url":"https:\/\/ebook.presidencia.pt\/mrs\/1anodepois","author_name":"sotnas","author_url":"https:\/\/ebook.presidencia.pt\/mrs\/1anodepois\/author\/sotnas\/","title":"106.\u00ba Anivers\u00e1rio da Implanta\u00e7\u00e3o da Rep\u00fablica","type":"rich","width":600,"height":338,"html":"<iframe sandbox=\"allow-scripts\" security=\"restricted\" src=\"https:\/\/ebook.presidencia.pt\/mrs\/1anodepois\/106-o-aniversario-da-implantacao-da-republica\/embed\/\" width=\"600\" height=\"338\" title=\"&#8220;106.\u00ba Anivers\u00e1rio da Implanta\u00e7\u00e3o da Rep\u00fablica&#8221; &#8212; Marcelo Rebelo de Sousa\" frameborder=\"0\" marginwidth=\"0\" marginheight=\"0\" scrolling=\"no\" class=\"wp-embedded-content\"><\/iframe>","thumbnail_url":"https:\/\/ebook.presidencia.pt\/mrs\/1anodepois\/wp-content\/uploads\/2017\/01\/161005110340-161005-PRMRS-MFL-0157.jpg","thumbnail_width":600,"thumbnail_height":900}