{"version":"1.0","provider_name":"Marcelo Rebelo de Sousa","provider_url":"https:\/\/ebook.presidencia.pt\/mrs\/1anodepois","author_name":"sotnas","author_url":"https:\/\/ebook.presidencia.pt\/mrs\/1anodepois\/author\/sotnas\/","title":"Rece\u00e7\u00e3o no Aeroporto \u00e0 chegada a Mo\u00e7ambique","type":"rich","width":600,"height":338,"html":"<iframe sandbox=\"allow-scripts\" security=\"restricted\" src=\"https:\/\/ebook.presidencia.pt\/mrs\/1anodepois\/a-saida-da-ordem-dos-advogados-2\/embed\/\" width=\"600\" height=\"338\" title=\"&#8220;Rece\u00e7\u00e3o no Aeroporto \u00e0 chegada a Mo\u00e7ambique&#8221; &#8212; Marcelo Rebelo de Sousa\" frameborder=\"0\" marginwidth=\"0\" marginheight=\"0\" scrolling=\"no\" class=\"wp-embedded-content\"><\/iframe>","thumbnail_url":"https:\/\/ebook.presidencia.pt\/mrs\/1anodepois\/wp-content\/uploads\/2017\/01\/160503061404-160503-PRMRS-RO-MOCAMBIQUE-DSCF5259.jpg","thumbnail_width":600,"thumbnail_height":400}